{"id":1859,"date":"2020-12-10T18:07:14","date_gmt":"2020-12-10T18:07:14","guid":{"rendered":"https:\/\/casaafro.org\/?page_id=1859"},"modified":"2020-12-11T13:55:54","modified_gmt":"2020-12-11T13:55:54","slug":"about-negro-a-x","status":"publish","type":"page","link":"https:\/\/casaafro.org\/en\/about-negro-a-x\/","title":{"rendered":"ABOUT NEGRO\/A\/X"},"content":{"rendered":"\t\t<div data-elementor-type=\"wp-page\" data-elementor-id=\"1859\" class=\"elementor elementor-1859 elementor-878\" data-elementor-settings=\"[]\">\n\t\t\t\t\t\t<div class=\"elementor-inner\">\n\t\t\t\t\t\t\t<div class=\"elementor-section-wrap\">\n\t\t\t\t\t\t\t<section class=\"elementor-section elementor-top-section elementor-element elementor-element-897a569 elementor-section-boxed elementor-section-height-default elementor-section-height-default gs-locked-section-no gs-parallax-off\" data-id=\"897a569\" data-element_type=\"section\" data-settings=\"{&quot;background_background&quot;:&quot;classic&quot;}\">\n\t\t\t\t\t\t<div class=\"elementor-container elementor-column-gap-default\">\n\t\t\t\t\t\t\t<div class=\"elementor-row\">\n\t\t\t\t\t<div class=\"elementor-column elementor-col-50 elementor-top-column elementor-element elementor-element-9eadcc4\" data-id=\"9eadcc4\" data-element_type=\"column\">\n\t\t\t<div class=\"elementor-column-wrap elementor-element-populated\">\n\t\t\t\t\t\t\t<div class=\"elementor-widget-wrap\">\n\t\t\t\t\t\t<div class=\"elementor-element elementor-element-be1fc3c elementor-widget elementor-widget-image\" data-id=\"be1fc3c\" data-element_type=\"widget\" data-widget_type=\"image.default\">\n\t\t\t\t<div class=\"elementor-widget-container\">\n\t\t\t\t\t<div class=\"elementor-image\">\n\t\t\t\t\t\t\t\t\t\t<img width=\"516\" height=\"492\" src=\"https:\/\/casaafro.org\/wp-content\/uploads\/2020\/12\/Marta-Moreno-Vega-final.jpg\" class=\"attachment-large size-large\" alt=\"\" loading=\"lazy\" srcset=\"https:\/\/casaafro.org\/wp-content\/uploads\/2020\/12\/Marta-Moreno-Vega-final.jpg 516w, https:\/\/casaafro.org\/wp-content\/uploads\/2020\/12\/Marta-Moreno-Vega-final-300x286.jpg 300w\" sizes=\"(max-width: 516px) 100vw, 516px\" \/>\t\t\t\t\t\t\t\t\t\t\t<\/div>\n\t\t\t\t<\/div>\n\t\t\t\t<\/div>\n\t\t\t\t<div class=\"elementor-element elementor-element-e3097bb elementor-widget elementor-widget-grada-section-title\" data-id=\"e3097bb\" data-element_type=\"widget\" data-widget_type=\"grada-section-title.default\">\n\t\t\t\t<div class=\"elementor-widget-container\">\n\t\t\t\t\t\t<div class=\"gs-section-title-holder\">\n                                    <div class=\"gs-section-title-inner\">\n\n\t\t\t                                        <h5 class=\"gs-section-title\">DRA. MARTA MORENO VEGA<\/h5>                        \t\t\t                                        <div class=\"gs-section-title-content\">\n\t                            <p>Co-founder Corredor Afro<\/p>\n                            <\/div>\n                                            <\/div>\n                \t\t\t<\/div>\n\t\t\t\t<\/div>\n\t\t\t\t<\/div>\n\t\t\t\t\t\t<\/div>\n\t\t\t\t\t<\/div>\n\t\t<\/div>\n\t\t\t\t<div class=\"elementor-column elementor-col-50 elementor-top-column elementor-element elementor-element-3d181dc\" data-id=\"3d181dc\" data-element_type=\"column\">\n\t\t\t<div class=\"elementor-column-wrap elementor-element-populated\">\n\t\t\t\t\t\t\t<div class=\"elementor-widget-wrap\">\n\t\t\t\t\t\t<div class=\"elementor-element elementor-element-e8bad85 elementor-widget elementor-widget-heading\" data-id=\"e8bad85\" data-element_type=\"widget\" data-widget_type=\"heading.default\">\n\t\t\t\t<div class=\"elementor-widget-container\">\n\t\t\t<span class=\"elementor-heading-title elementor-size-default\">NEGROS\/AS\/XS IN Casa Afro<\/span>\t\t<\/div>\n\t\t\t\t<\/div>\n\t\t\t\t<div class=\"elementor-element elementor-element-7ff3112 elementor-widget elementor-widget-grada-section-title\" data-id=\"7ff3112\" data-element_type=\"widget\" data-widget_type=\"grada-section-title.default\">\n\t\t\t\t<div class=\"elementor-widget-container\">\n\t\t\t\t\t\t<div class=\"gs-section-title-holder\">\n                                    <div class=\"gs-section-title-inner\">\n\n\t\t\t                                        <h2 class=\"gs-section-title\">The Co-Founder's Perspective<\/h2>                        \t\t\t                                <\/div>\n                \t\t\t<\/div>\n\t\t\t\t<\/div>\n\t\t\t\t<\/div>\n\t\t\t\t<div class=\"elementor-element elementor-element-f51d365 elementor-widget elementor-widget-text-editor\" data-id=\"f51d365\" data-element_type=\"widget\" data-widget_type=\"text-editor.default\">\n\t\t\t\t<div class=\"elementor-widget-container\">\n\t\t\t\t\t<div class=\"elementor-text-editor elementor-clearfix\"><p><span style=\"font-weight: 400;\">An elusive creative sacred aesthetic impulse in the philosophy, traditions and expressions of African Diaspora communities is culturally grounded in the ancestral African practices that are seeded throughout the world.\u00a0<\/span><\/p><p>\u00a0<\/p><p><span style=\"font-weight: 400;\">In Aesthetic of the Cool Afro Atlantic Art and Music, Robert Farris Thompson weaves together the thought, philosophy, and art that continues to be infused within our global cultural practices. The visionary work of Puerto Rican-born, Arturo Alfonso Schomburg in his pioneering research for the global study of African cultures in the Americas was the first to call for the study of the \u201cNegro\u201d in institutions of higher learning.\u00a0 He advocated for the development of African Studies Departments that were to be charged with the recovery of our global experiences before and post enslavement. His life&#8217;s work provided the linkages and guideposts that artists, researchers and scholars have used to develop a matrix of creative understanding of the universal contributions made by Africans. According to historian Melville Herskovits, the differences that existed among the various African ethnic groups were significantly less important than the similarities inherent in their philosophical-cosmological vision of the world.\u00a0<\/span><\/p><p>\u00a0<\/p><p><span style=\"font-weight: 400;\">It has been an arduous road that we have traveled, hidden from the sight of our oppressors and, bringing our cultural and artistic creative vision to the fore. It is clear that there is an aesthetic sensibility as\u00e9, that engages our ancestral legacies and histories of colonialism and enslavement.\u00a0<\/span><\/p><p>\u00a0<\/p><p><span style=\"font-weight: 400;\">\u201cThe concept of \u00e0se remains in the worldview of Africans in the New World. Abiodun (1994.71) refers to \u00e0se as the most important \u2018religio-aesthetic\u2019 phenomenon to survive transatlantic slavery.\u201d<\/span><\/p><p>\u00a0<\/p><p><span style=\"font-weight: 400;\">Embracing the ancestors of our legacies, The Black Arts Movement, and the Nuyorican Movement of the \u201870s and \u201880s responded to the call of the Civil Rights and Black Power Movement for racial and social justice.\u00a0 Today our artists continue to manifest the call of the Movement for Black Lives for racial and social equity, grounded in the aesthetic of ase.\u00a0<\/span><\/p><p><span style=\"font-weight: 400;\">\u00a0<\/span><\/p><p><span style=\"font-weight: 400;\">This exhibition is an example of the aesthetic of ase and cultural certitude, unapologetically centering our Afro Boricua experience within our local and global imperative. It asserts an aesthetic of certitude grounded culturally in our legacy.\u00a0 It is the active forging of change, removing the aesthetic of European dominance, and building one that values the spectrum of cultural values that define our reality.\u00a0\u00a0<\/span><\/p><p><span style=\"font-weight: 400;\">\u00a0<\/span><\/p><p><b>The Transatlantic African Aesthetic<\/b><\/p><p><span style=\"font-weight: 400;\">\u00a0<\/span><\/p><p><span style=\"font-weight: 400;\">The power of memory and the insistence of maintaining the legacy of our ancestors has persisted wherever Africans were taken. The ingrained memory carried in the bodies of our ancestors has protected and infused our intelligence with the powers of creativity, philosophies of sustainability, resistance and renewal, forging a world view and aesthetic that is culturally grounded in our people\u2019s experience.<\/span><\/p><p><span style=\"font-weight: 400;\">\u00a0<\/span><\/p><p><span style=\"font-weight: 400;\">This exhibition, the activities and programs of Corredor Afro is disrupting Eurocentricity and embracing a freedom of our communities grounded in the aesthetic of ase and certitude.<\/span><\/p><p>\u00a0<\/p><p><b>The Aesthetic of As\u00e9 and African Certitude<\/b><\/p><p><span style=\"font-weight: 400;\">\u00a0<\/span><\/p><p><span style=\"font-weight: 400;\">These illicit partnerships enforcing horrific atrocities enabled historical knowledge and memory to evolve into a philosophical thought system of affirmation, resistance and creative reconfiguration of the knowledge they brought ingrained in their sacred heads and bodies.\u00a0<\/span><\/p><p><span style=\"font-weight: 400;\">\u00a0<\/span><\/p><p><span style=\"font-weight: 400;\">There are deep-seeded connections among African Diaspora descendants that are directly connected to their root traditions in West and Central Africa. This is true for Puerto Rico.<\/span><\/p><p>\u00a0<\/p><p><b>A Narrative of Cultural Centering<\/b><\/p><p><span style=\"font-weight: 400;\">\u00a0<\/span><\/p><p><span style=\"font-weight: 400;\">The Africans who were brought into the Americas to toil without compensation for the wealth of their white enslavers bravely knew to sustain and pass on practices that centered their ancestral knowing, coupled with the skills for survival that were acquired in their new circumstances that define the certitude of our personhood and vision.<\/span><\/p><p>\u00a0<\/p><p><span style=\"font-weight: 400;\">Documentation confirms that the distribution of different ethnic African people had to reimagine their lives in a system of abusive enslavement that tore families apart and systemically oppressed African belief systems and cultural mores that did not support their enslavers\u2019 beliefs and practices. There were also Catholic priests assigned to baptizing the human cargo.<\/span><\/p><p><span style=\"font-weight: 400;\">\u00a0<\/span><\/p><p><span style=\"font-weight: 400;\">This system, replicated by other enslavers, was the imposition of cultural domination and the process of dehumanization. <\/span><i><span style=\"font-weight: 400;\">It was cultural erasure<\/span><\/i><span style=\"font-weight: 400;\">. But what we know\u2014what we stand as the living proof of\u2014is the fact that enslavers were not able to infiltrate the minds of Africans.<\/span><\/p><p><span style=\"font-weight: 400;\">\u00a0<\/span><\/p><p><span style=\"font-weight: 400;\">The Movement for Black Lives\u2019 imperative, fueled by the murder by police of George Floyd, Breonna Taylor, and vigilante murder of Ahmaud Aubry has resonated globally. It is reflected in the police killing of Adolfina Villanueva in the community of Tocones when she refused to be displaced from her home. We have lost too many others that have been murdered for living Black. The certitude for Black communities globally to connect their common cultural legacies and bridge the philosophies, beliefs systems, and practices that bridge our common NEGRO\/A\/X aesthetic visions is imperative.<\/span><\/p><p>\u00a0<\/p><p><span style=\"font-weight: 400;\">Gracias to Celso Gonzalez, our exhibitions curator for bringing together a visionary exhibition bridging a cross generation of artists to narrate our visual journey. <\/span><span style=\"font-weight: 400;\"><br \/><\/span><span style=\"font-weight: 400;\"><br \/><\/span><span style=\"font-weight: 400;\">Gracias, to our artists for standing strong cultural honoring that which has sustain our history and artistic centeredness under conditions and policies that have sought to erase us. <\/span><span style=\"font-weight: 400;\"><br \/><\/span><span style=\"font-weight: 400;\"><br \/><\/span><span style=\"font-weight: 400;\">Gracias to Olga Chapman Rivera and her team at BRAVEE Tribu Collab for the creative concepts, design, tech planning and interactive experiences that allowed us to share this exhibition with the world.<\/span><span style=\"font-weight: 400;\"><br \/><\/span><span style=\"font-weight: 400;\"><br \/><\/span><span style=\"font-weight: 400;\">To Lisa Soto, much appreciation for joining the team and your integral contribution, Rachel P\u00e9rez Puig your photography was amazing, thank you, Carlos Roca and 3D Imaging Solutions for supporting our 3D viewing room.<\/span><\/p><p>\u00a0<\/p><p><span style=\"font-weight: 400;\">Thank you to our community! The community\u00a0 of Terapl\u00e9n, Pi\u00f1ones, Lo\u00edza and everyone in Puerto Rico and Puerto Rican diaspora around the world for standing strong, cultural warriors that have kept our spirit and traditions alive.\u00a0<\/span><\/p><p>\u00a0<\/p><p><b>Marta Moreno Vega<\/b><\/p><p><b>Co Founder Corredor Afro<\/b><span style=\"font-weight: 400;\"><br \/><\/span><\/p><\/div>\n\t\t\t\t<\/div>\n\t\t\t\t<\/div>\n\t\t\t\t\t\t<\/div>\n\t\t\t\t\t<\/div>\n\t\t<\/div>\n\t\t\t\t\t\t\t\t<\/div>\n\t\t\t\t\t<\/div>\n\t\t<\/section>\n\t\t\t\t<section class=\"elementor-section elementor-top-section elementor-element elementor-element-bcb32b3 elementor-section-boxed elementor-section-height-default elementor-section-height-default gs-locked-section-no gs-parallax-off\" data-id=\"bcb32b3\" data-element_type=\"section\" data-settings=\"{&quot;background_background&quot;:&quot;classic&quot;}\">\n\t\t\t\t\t\t<div class=\"elementor-container elementor-column-gap-default\">\n\t\t\t\t\t\t\t<div class=\"elementor-row\">\n\t\t\t\t\t<div class=\"elementor-column elementor-col-50 elementor-top-column elementor-element elementor-element-34a3dea\" data-id=\"34a3dea\" data-element_type=\"column\">\n\t\t\t<div class=\"elementor-column-wrap elementor-element-populated\">\n\t\t\t\t\t\t\t<div class=\"elementor-widget-wrap\">\n\t\t\t\t\t\t<div class=\"elementor-element elementor-element-f88a5c4 elementor-widget elementor-widget-image\" data-id=\"f88a5c4\" data-element_type=\"widget\" data-widget_type=\"image.default\">\n\t\t\t\t<div class=\"elementor-widget-container\">\n\t\t\t\t\t<div class=\"elementor-image\">\n\t\t\t\t\t\t\t\t\t\t<img width=\"388\" height=\"492\" src=\"https:\/\/casaafro.org\/wp-content\/uploads\/2020\/12\/Cerso-Gonzalez-Curador.jpg\" class=\"attachment-large size-large\" alt=\"\" loading=\"lazy\" srcset=\"https:\/\/casaafro.org\/wp-content\/uploads\/2020\/12\/Cerso-Gonzalez-Curador.jpg 388w, https:\/\/casaafro.org\/wp-content\/uploads\/2020\/12\/Cerso-Gonzalez-Curador-237x300.jpg 237w\" sizes=\"(max-width: 388px) 100vw, 388px\" \/>\t\t\t\t\t\t\t\t\t\t\t<\/div>\n\t\t\t\t<\/div>\n\t\t\t\t<\/div>\n\t\t\t\t<div class=\"elementor-element elementor-element-9d9aa11 elementor-widget elementor-widget-grada-section-title\" data-id=\"9d9aa11\" data-element_type=\"widget\" data-widget_type=\"grada-section-title.default\">\n\t\t\t\t<div class=\"elementor-widget-container\">\n\t\t\t\t\t\t<div class=\"gs-section-title-holder\">\n                                    <div class=\"gs-section-title-inner\">\n\n\t\t\t                                        <h5 class=\"gs-section-title\">CELSO GONZ\u00c1LEZ<\/h5>                        \t\t\t                                <\/div>\n                \t\t\t<\/div>\n\t\t\t\t<\/div>\n\t\t\t\t<\/div>\n\t\t\t\t\t\t<\/div>\n\t\t\t\t\t<\/div>\n\t\t<\/div>\n\t\t\t\t<div class=\"elementor-column elementor-col-50 elementor-top-column elementor-element elementor-element-d78410b\" data-id=\"d78410b\" data-element_type=\"column\">\n\t\t\t<div class=\"elementor-column-wrap elementor-element-populated\">\n\t\t\t\t\t\t\t<div class=\"elementor-widget-wrap\">\n\t\t\t\t\t\t<div class=\"elementor-element elementor-element-dd944e5 elementor-widget elementor-widget-heading\" data-id=\"dd944e5\" data-element_type=\"widget\" data-widget_type=\"heading.default\">\n\t\t\t\t<div class=\"elementor-widget-container\">\n\t\t\t<span class=\"elementor-heading-title elementor-size-default\">Curator's Perspective<\/span>\t\t<\/div>\n\t\t\t\t<\/div>\n\t\t\t\t<div class=\"elementor-element elementor-element-7aad16a elementor-widget elementor-widget-grada-section-title\" data-id=\"7aad16a\" data-element_type=\"widget\" data-widget_type=\"grada-section-title.default\">\n\t\t\t\t<div class=\"elementor-widget-container\">\n\t\t\t\t\t\t<div class=\"gs-section-title-holder\">\n                                    <div class=\"gs-section-title-inner\">\n\n\t\t\t                                        <h2 class=\"gs-section-title\">NEGRO\/A\/X Exhibition<\/h2>                        \t\t\t                                <\/div>\n                \t\t\t<\/div>\n\t\t\t\t<\/div>\n\t\t\t\t<\/div>\n\t\t\t\t<div class=\"elementor-element elementor-element-7bdd5cc elementor-widget elementor-widget-text-editor\" data-id=\"7bdd5cc\" data-element_type=\"widget\" data-widget_type=\"text-editor.default\">\n\t\t\t\t<div class=\"elementor-widget-container\">\n\t\t\t\t\t<div class=\"elementor-text-editor elementor-clearfix\"><p><span style=\"font-weight: 400;\">NEGRO was the first idea\/word\/concept\/ construction that came to mind when I thought of this exhibit. NEGRO has become a fundamental word, also controversial, sometimes offensive, sometimes loving, controversial and full of stigma, other times colorful and passion. In this proposal we use the multiple definitions, connotations and meanings of NEGRO to begin a journey through aesthetic, cultural, personal and collective blackness. On the other hand, gender is integrated as a fundamental element in the multiple meanings of NEGRO by including O\/A\/X in the name proposal. With NEGRO\/A\/X we raise the discussion of black in all its manifestations.<\/span><\/p><p>\u00a0<\/p><p><span style=\"font-weight: 400;\">NEGRO\/A\/X presents works that explore multiplicity, materiality, and the many shades of Black. In an important way we wanted to represent with the artists, (who accompany us) a diversity of media, images, generations and moments of professional development. Our sample includes new artists, established artists and others who are already part of the local and international artistic culture.<\/span><\/p><p>\u00a0<\/p><p><span style=\"font-weight: 400;\">In this process we are seduced, motivated and released by the thousand possibilities of the NEGRO, as an element of color and design in the pieces and installations, as a word used in so many exalted and despicable ways, as a social construction and definition about our race of what we are in all aspects, cultural and socio-political. The greatness of the African continent speaks in us, it is manifested in all our knowledge and, in wisdom, flow, creativity and obviously in our artistic production.<\/span><\/p><p>\u00a0<\/p><p><span style=\"font-weight: 400;\">The movements of social justice, pro blackness, pro human rights of NEGROS \/ as \/ es; it causes more and more people to identify themselves as black. We live in a very exciting time that generates an incomparable artistic production. What we are has always raised passions and our passion is manifested in an exhibition that tells of what we are, what has become a passion for art.<\/span><\/p><p>\u00a0<\/p><p><span style=\"font-weight: 400;\">The exhibition includes 20 artists presenting their creative projects, their paintings, sculptures and installations; attending from each of its fronts and trenches its interpretation of its experience, history and experience with blackness. We are pleased to present in the exhibition a perspective where a particular aesthetic is clearly appreciated, a Caribbean aesthetic and clearly AFRO. The artistic expression that comes from the depths of who we are<\/span><span style=\"font-weight: 400;\">.<\/span><\/p><\/div>\n\t\t\t\t<\/div>\n\t\t\t\t<\/div>\n\t\t\t\t\t\t<\/div>\n\t\t\t\t\t<\/div>\n\t\t<\/div>\n\t\t\t\t\t\t\t\t<\/div>\n\t\t\t\t\t<\/div>\n\t\t<\/section>\n\t\t\t\t<section class=\"elementor-section elementor-top-section elementor-element elementor-element-0236d52 elementor-section-boxed elementor-section-height-default elementor-section-height-default gs-locked-section-no gs-parallax-off\" data-id=\"0236d52\" data-element_type=\"section\">\n\t\t\t\t\t\t<div class=\"elementor-container elementor-column-gap-default\">\n\t\t\t\t\t\t\t<div class=\"elementor-row\">\n\t\t\t\t\t<div class=\"elementor-column elementor-col-100 elementor-top-column elementor-element elementor-element-6b84f46\" data-id=\"6b84f46\" data-element_type=\"column\">\n\t\t\t<div class=\"elementor-column-wrap elementor-element-populated\">\n\t\t\t\t\t\t\t<div class=\"elementor-widget-wrap\">\n\t\t\t\t\t\t<div class=\"elementor-element elementor-element-70313df elementor-widget elementor-widget-heading\" data-id=\"70313df\" data-element_type=\"widget\" data-widget_type=\"heading.default\">\n\t\t\t\t<div class=\"elementor-widget-container\">\n\t\t\t<h4 class=\"elementor-heading-title elementor-size-default\">Project funded by<\/h4>\t\t<\/div>\n\t\t\t\t<\/div>\n\t\t\t\t\t\t<\/div>\n\t\t\t\t\t<\/div>\n\t\t<\/div>\n\t\t\t\t\t\t\t\t<\/div>\n\t\t\t\t\t<\/div>\n\t\t<\/section>\n\t\t\t\t<section class=\"elementor-section elementor-top-section elementor-element elementor-element-6838663 elementor-section-boxed elementor-section-height-default elementor-section-height-default gs-locked-section-no gs-parallax-off\" data-id=\"6838663\" data-element_type=\"section\">\n\t\t\t\t\t\t<div class=\"elementor-container elementor-column-gap-default\">\n\t\t\t\t\t\t\t<div class=\"elementor-row\">\n\t\t\t\t\t<div class=\"elementor-column elementor-col-33 elementor-top-column elementor-element elementor-element-875e4cc\" data-id=\"875e4cc\" data-element_type=\"column\">\n\t\t\t<div class=\"elementor-column-wrap elementor-element-populated\">\n\t\t\t\t\t\t\t<div class=\"elementor-widget-wrap\">\n\t\t\t\t\t\t<div class=\"elementor-element elementor-element-63341b2 elementor-widget elementor-widget-image\" data-id=\"63341b2\" data-element_type=\"widget\" data-widget_type=\"image.default\">\n\t\t\t\t<div class=\"elementor-widget-container\">\n\t\t\t\t\t<div class=\"elementor-image\">\n\t\t\t\t\t\t\t\t\t\t<img width=\"300\" height=\"150\" src=\"https:\/\/casaafro.org\/wp-content\/uploads\/2020\/12\/Funders-01-300x150.png\" class=\"attachment-medium size-medium\" alt=\"\" loading=\"lazy\" srcset=\"https:\/\/casaafro.org\/wp-content\/uploads\/2020\/12\/Funders-01-300x150.png 300w, https:\/\/casaafro.org\/wp-content\/uploads\/2020\/12\/Funders-01.png 450w\" sizes=\"(max-width: 300px) 100vw, 300px\" \/>\t\t\t\t\t\t\t\t\t\t\t<\/div>\n\t\t\t\t<\/div>\n\t\t\t\t<\/div>\n\t\t\t\t\t\t<\/div>\n\t\t\t\t\t<\/div>\n\t\t<\/div>\n\t\t\t\t<div class=\"elementor-column elementor-col-33 elementor-top-column elementor-element elementor-element-cc4df44\" data-id=\"cc4df44\" data-element_type=\"column\">\n\t\t\t<div class=\"elementor-column-wrap elementor-element-populated\">\n\t\t\t\t\t\t\t<div class=\"elementor-widget-wrap\">\n\t\t\t\t\t\t<div class=\"elementor-element elementor-element-65e00cb elementor-widget elementor-widget-image\" data-id=\"65e00cb\" data-element_type=\"widget\" data-widget_type=\"image.default\">\n\t\t\t\t<div class=\"elementor-widget-container\">\n\t\t\t\t\t<div class=\"elementor-image\">\n\t\t\t\t\t\t\t\t\t\t<img width=\"300\" height=\"150\" src=\"https:\/\/casaafro.org\/wp-content\/uploads\/2020\/12\/Funders-02-300x150.png\" class=\"attachment-medium size-medium\" alt=\"\" loading=\"lazy\" srcset=\"https:\/\/casaafro.org\/wp-content\/uploads\/2020\/12\/Funders-02-300x150.png 300w, https:\/\/casaafro.org\/wp-content\/uploads\/2020\/12\/Funders-02.png 450w\" sizes=\"(max-width: 300px) 100vw, 300px\" \/>\t\t\t\t\t\t\t\t\t\t\t<\/div>\n\t\t\t\t<\/div>\n\t\t\t\t<\/div>\n\t\t\t\t\t\t<\/div>\n\t\t\t\t\t<\/div>\n\t\t<\/div>\n\t\t\t\t<div class=\"elementor-column elementor-col-33 elementor-top-column elementor-element elementor-element-59c79c2\" data-id=\"59c79c2\" data-element_type=\"column\">\n\t\t\t<div class=\"elementor-column-wrap elementor-element-populated\">\n\t\t\t\t\t\t\t<div class=\"elementor-widget-wrap\">\n\t\t\t\t\t\t<div class=\"elementor-element elementor-element-9a48254 elementor-widget elementor-widget-image\" data-id=\"9a48254\" data-element_type=\"widget\" data-widget_type=\"image.default\">\n\t\t\t\t<div class=\"elementor-widget-container\">\n\t\t\t\t\t<div class=\"elementor-image\">\n\t\t\t\t\t\t\t\t\t\t<img width=\"300\" height=\"150\" src=\"https:\/\/casaafro.org\/wp-content\/uploads\/2020\/12\/Funders-03-300x150.png\" class=\"attachment-medium size-medium\" alt=\"\" loading=\"lazy\" srcset=\"https:\/\/casaafro.org\/wp-content\/uploads\/2020\/12\/Funders-03-300x150.png 300w, https:\/\/casaafro.org\/wp-content\/uploads\/2020\/12\/Funders-03.png 450w\" sizes=\"(max-width: 300px) 100vw, 300px\" \/>\t\t\t\t\t\t\t\t\t\t\t<\/div>\n\t\t\t\t<\/div>\n\t\t\t\t<\/div>\n\t\t\t\t\t\t<\/div>\n\t\t\t\t\t<\/div>\n\t\t<\/div>\n\t\t\t\t\t\t\t\t<\/div>\n\t\t\t\t\t<\/div>\n\t\t<\/section>\n\t\t\t\t\t\t<\/div>\n\t\t\t\t\t\t<\/div>\n\t\t\t\t\t<\/div>\n\t\t","protected":false},"excerpt":{"rendered":"<p>DRA. MARTA MORENO VEGA Co-founder Corredor Afro NEGROS\/AS\/XS IN Casa Afro The Co-Founder&#8217;s Perspective An elusive creative sacred aesthetic impulse in the philosophy,&#8230;<\/p>\n","protected":false},"author":1,"featured_media":905,"parent":0,"menu_order":0,"comment_status":"closed","ping_status":"closed","template":"","meta":{"_mi_skip_tracking":false},"acf":[],"_links":{"self":[{"href":"https:\/\/casaafro.org\/en\/wp-json\/wp\/v2\/pages\/1859"}],"collection":[{"href":"https:\/\/casaafro.org\/en\/wp-json\/wp\/v2\/pages"}],"about":[{"href":"https:\/\/casaafro.org\/en\/wp-json\/wp\/v2\/types\/page"}],"author":[{"embeddable":true,"href":"https:\/\/casaafro.org\/en\/wp-json\/wp\/v2\/users\/1"}],"replies":[{"embeddable":true,"href":"https:\/\/casaafro.org\/en\/wp-json\/wp\/v2\/comments?post=1859"}],"version-history":[{"count":17,"href":"https:\/\/casaafro.org\/en\/wp-json\/wp\/v2\/pages\/1859\/revisions"}],"predecessor-version":[{"id":1978,"href":"https:\/\/casaafro.org\/en\/wp-json\/wp\/v2\/pages\/1859\/revisions\/1978"}],"wp:featuredmedia":[{"embeddable":true,"href":"https:\/\/casaafro.org\/en\/wp-json\/wp\/v2\/media\/905"}],"wp:attachment":[{"href":"https:\/\/casaafro.org\/en\/wp-json\/wp\/v2\/media?parent=1859"}],"curies":[{"name":"wp","href":"https:\/\/api.w.org\/{rel}","templated":true}]}}